{"version":"1.0","provider_name":"Fundaci\u00f3 BCN FP","provider_url":"https:\/\/www.fundaciobcnfp.cat\/es\/","author_name":"Fundaci\u00f3 BCN FP","author_url":"https:\/\/www.fundaciobcnfp.cat\/es\/author\/edit_fundacio\/","title":"Reuni\u00f3n del Patronato de la Fundaci\u00f3n - Fundaci\u00f3 BCN FP","type":"rich","width":600,"height":338,"html":"<blockquote class=\"wp-embedded-content\" data-secret=\"kNWbiNRwBb\"><a href=\"https:\/\/www.fundaciobcnfp.cat\/es\/reunion-del-patronato-de-la-fundacion-2\/\">Reuni\u00f3n del Patronato de la Fundaci\u00f3n<\/a><\/blockquote><iframe sandbox=\"allow-scripts\" security=\"restricted\" src=\"https:\/\/www.fundaciobcnfp.cat\/es\/reunion-del-patronato-de-la-fundacion-2\/embed\/#?secret=kNWbiNRwBb\" width=\"600\" height=\"338\" title=\"\u00abReuni\u00f3n del Patronato de la Fundaci\u00f3n\u00bb \u2014 Fundaci\u00f3 BCN FP\" data-secret=\"kNWbiNRwBb\" frameborder=\"0\" marginwidth=\"0\" marginheight=\"0\" scrolling=\"no\" class=\"wp-embedded-content\"><\/iframe><script type=\"text\/javascript\">\n\/* <![CDATA[ *\/\n\/*! This file is auto-generated *\/\n!function(d,l){\"use strict\";l.querySelector&&d.addEventListener&&\"undefined\"!=typeof URL&&(d.wp=d.wp||{},d.wp.receiveEmbedMessage||(d.wp.receiveEmbedMessage=function(e){var t=e.data;if((t||t.secret||t.message||t.value)&&!\/[^a-zA-Z0-9]\/.test(t.secret)){for(var s,r,n,a=l.querySelectorAll('iframe[data-secret=\"'+t.secret+'\"]'),o=l.querySelectorAll('blockquote[data-secret=\"'+t.secret+'\"]'),c=new RegExp(\"^https?:$\",\"i\"),i=0;i<o.length;i++)o[i].style.display=\"none\";for(i=0;i<a.length;i++)s=a[i],e.source===s.contentWindow&&(s.removeAttribute(\"style\"),\"height\"===t.message?(1e3<(r=parseInt(t.value,10))?r=1e3:~~r<200&&(r=200),s.height=r):\"link\"===t.message&&(r=new URL(s.getAttribute(\"src\")),n=new URL(t.value),c.test(n.protocol))&&n.host===r.host&&l.activeElement===s&&(d.top.location.href=t.value))}},d.addEventListener(\"message\",d.wp.receiveEmbedMessage,!1),l.addEventListener(\"DOMContentLoaded\",function(){for(var e,t,s=l.querySelectorAll(\"iframe.wp-embedded-content\"),r=0;r<s.length;r++)(t=(e=s[r]).getAttribute(\"data-secret\"))||(t=Math.random().toString(36).substring(2,12),e.src+=\"#?secret=\"+t,e.setAttribute(\"data-secret\",t)),e.contentWindow.postMessage({message:\"ready\",secret:t},\"*\")},!1)))}(window,document);\n\/* ]]> *\/\n<\/script>\n","thumbnail_url":"https:\/\/www.fundaciobcnfp.cat\/wp-content\/uploads\/2024\/04\/GKu2nO9WYAEXv_U.jpg","thumbnail_width":2048,"thumbnail_height":1536,"description":"El d\u00eda 8 de abril, en el sal\u00f3n de actos del\u00a0IMEB, se reuni\u00f3 el Patronato de la Fundaci\u00f3n. El punto b\u00e1sico del orden del d\u00eda era la aprobaci\u00f3n de las cuentas anuales 2023, que fueron aprobados por unanimidad. En la sesi\u00f3n se hizo balance del primer trimestre del 2024 y se abri\u00f3 un enriquecedor debate sobre la actualidad de la formaci\u00f3n profesional."}