{"version":"1.0","provider_name":"Fundaci\u00f3 BCN FP","provider_url":"https:\/\/www.fundaciobcnfp.cat\/es\/","author_name":"Fundaci\u00f3 BCN FP","author_url":"https:\/\/www.fundaciobcnfp.cat\/es\/author\/edit_fundacio\/","title":"1\u00aa\u00a0sesi\u00f3n del Grupo de trabajo de FP Dual con el Ayuntamiento de Barcelona - Fundaci\u00f3 BCN FP","type":"rich","width":600,"height":338,"html":"<blockquote class=\"wp-embedded-content\" data-secret=\"Doeh2qEwbF\"><a href=\"https:\/\/www.fundaciobcnfp.cat\/es\/grupo-de-trabajo-fp-dual-cmfpb\/\">1\u00aa\u00a0sesi\u00f3n del Grupo de trabajo de FP Dual con el Ayuntamiento de Barcelona<\/a><\/blockquote><iframe sandbox=\"allow-scripts\" security=\"restricted\" src=\"https:\/\/www.fundaciobcnfp.cat\/es\/grupo-de-trabajo-fp-dual-cmfpb\/embed\/#?secret=Doeh2qEwbF\" width=\"600\" height=\"338\" title=\"\u00ab1\u00aa\u00a0sesi\u00f3n del Grupo de trabajo de FP Dual con el Ayuntamiento de Barcelona\u00bb \u2014 Fundaci\u00f3 BCN FP\" data-secret=\"Doeh2qEwbF\" frameborder=\"0\" marginwidth=\"0\" marginheight=\"0\" scrolling=\"no\" class=\"wp-embedded-content\"><\/iframe><script type=\"text\/javascript\">\n\/* <![CDATA[ *\/\n\/*! This file is auto-generated *\/\n!function(d,l){\"use strict\";l.querySelector&&d.addEventListener&&\"undefined\"!=typeof URL&&(d.wp=d.wp||{},d.wp.receiveEmbedMessage||(d.wp.receiveEmbedMessage=function(e){var t=e.data;if((t||t.secret||t.message||t.value)&&!\/[^a-zA-Z0-9]\/.test(t.secret)){for(var s,r,n,a=l.querySelectorAll('iframe[data-secret=\"'+t.secret+'\"]'),o=l.querySelectorAll('blockquote[data-secret=\"'+t.secret+'\"]'),c=new RegExp(\"^https?:$\",\"i\"),i=0;i<o.length;i++)o[i].style.display=\"none\";for(i=0;i<a.length;i++)s=a[i],e.source===s.contentWindow&&(s.removeAttribute(\"style\"),\"height\"===t.message?(1e3<(r=parseInt(t.value,10))?r=1e3:~~r<200&&(r=200),s.height=r):\"link\"===t.message&&(r=new URL(s.getAttribute(\"src\")),n=new URL(t.value),c.test(n.protocol))&&n.host===r.host&&l.activeElement===s&&(d.top.location.href=t.value))}},d.addEventListener(\"message\",d.wp.receiveEmbedMessage,!1),l.addEventListener(\"DOMContentLoaded\",function(){for(var e,t,s=l.querySelectorAll(\"iframe.wp-embedded-content\"),r=0;r<s.length;r++)(t=(e=s[r]).getAttribute(\"data-secret\"))||(t=Math.random().toString(36).substring(2,12),e.src+=\"#?secret=\"+t,e.setAttribute(\"data-secret\",t)),e.contentWindow.postMessage({message:\"ready\",secret:t},\"*\")},!1)))}(window,document);\n\/* ]]> *\/\n<\/script>\n","thumbnail_url":"https:\/\/www.fundaciobcnfp.cat\/wp-content\/uploads\/2024\/01\/mida-fotos-noti.png","thumbnail_width":703,"thumbnail_height":554,"description":"El 18 de enero de 2024, a las 16\u202fh en la sala anexa Llu\u00eds Companys del Ayuntamiento de Barcelona, se celebr\u00f3 la primera sesi\u00f3n del Grupo de trabajo de Formaci\u00f3n Profesional Dual, del Consejo Municipal de la Formaci\u00f3n Profesional de Barcelona (CMFPB)."}