{"version":"1.0","provider_name":"Fundaci\u00f3 BCN FP","provider_url":"https:\/\/www.fundaciobcnfp.cat\/es\/","author_name":"admin_fundacio","author_url":"https:\/\/www.fundaciobcnfp.cat\/es\/author\/admin_fundacio\/","title":"C\u00e1psulas formativas del Palau Vincles - Fundaci\u00f3 BCN FP","type":"rich","width":600,"height":338,"html":"<blockquote class=\"wp-embedded-content\" data-secret=\"sAf1TqLyh2\"><a href=\"https:\/\/www.fundaciobcnfp.cat\/es\/capsulas-formativas-del-palau-vincles\/\">C\u00e1psulas formativas del Palau Vincles<\/a><\/blockquote><iframe sandbox=\"allow-scripts\" security=\"restricted\" src=\"https:\/\/www.fundaciobcnfp.cat\/es\/capsulas-formativas-del-palau-vincles\/embed\/#?secret=sAf1TqLyh2\" width=\"600\" height=\"338\" title=\"\u00abC\u00e1psulas formativas del Palau Vincles\u00bb \u2014 Fundaci\u00f3 BCN FP\" data-secret=\"sAf1TqLyh2\" frameborder=\"0\" marginwidth=\"0\" marginheight=\"0\" scrolling=\"no\" class=\"wp-embedded-content\"><\/iframe><script type=\"text\/javascript\">\n\/* <![CDATA[ *\/\n\/*! This file is auto-generated *\/\n!function(d,l){\"use strict\";l.querySelector&&d.addEventListener&&\"undefined\"!=typeof URL&&(d.wp=d.wp||{},d.wp.receiveEmbedMessage||(d.wp.receiveEmbedMessage=function(e){var t=e.data;if((t||t.secret||t.message||t.value)&&!\/[^a-zA-Z0-9]\/.test(t.secret)){for(var s,r,n,a=l.querySelectorAll('iframe[data-secret=\"'+t.secret+'\"]'),o=l.querySelectorAll('blockquote[data-secret=\"'+t.secret+'\"]'),c=new RegExp(\"^https?:$\",\"i\"),i=0;i<o.length;i++)o[i].style.display=\"none\";for(i=0;i<a.length;i++)s=a[i],e.source===s.contentWindow&&(s.removeAttribute(\"style\"),\"height\"===t.message?(1e3<(r=parseInt(t.value,10))?r=1e3:~~r<200&&(r=200),s.height=r):\"link\"===t.message&&(r=new URL(s.getAttribute(\"src\")),n=new URL(t.value),c.test(n.protocol))&&n.host===r.host&&l.activeElement===s&&(d.top.location.href=t.value))}},d.addEventListener(\"message\",d.wp.receiveEmbedMessage,!1),l.addEventListener(\"DOMContentLoaded\",function(){for(var e,t,s=l.querySelectorAll(\"iframe.wp-embedded-content\"),r=0;r<s.length;r++)(t=(e=s[r]).getAttribute(\"data-secret\"))||(t=Math.random().toString(36).substring(2,12),e.src+=\"#?secret=\"+t,e.setAttribute(\"data-secret\",t)),e.contentWindow.postMessage({message:\"ready\",secret:t},\"*\")},!1)))}(window,document);\n\/* ]]> *\/\n<\/script>\n","thumbnail_url":"https:\/\/www.fundaciobcnfp.cat\/wp-content\/uploads\/2024\/02\/escola-sant-felip-neri-palau-vincles-cor-musica-06.jpg","thumbnail_width":1500,"thumbnail_height":1125,"description":"Desde la Fundaci\u00f3n BCN Formaci\u00f3n Profesional colaboramos cada a\u00f1o en la orientaci\u00f3n de los j\u00f3venes que participan en las C\u00e1psulas formativas del Palau Vincles proyecto social del Palau de la M\u00fasica. El Palau Vincles impulsa proyectos e iniciativas con el objetivo de promover la inclusi\u00f3n y la integraci\u00f3n social a trav\u00e9s de la m\u00fasica."}